{"id":2,"date":"2018-06-08T13:22:55","date_gmt":"2018-06-08T13:22:55","guid":{"rendered":"http:\/\/falka.sk\/?page_id=2"},"modified":"2018-08-17T10:54:56","modified_gmt":"2018-08-17T10:54:56","slug":"ez-egy-minta-oldal","status":"publish","type":"page","link":"https:\/\/falka.sk\/en\/ez-egy-minta-oldal\/","title":{"rendered":"Kezd\u0151lap"},"content":{"rendered":"<p>\u00dcdv\u00f6z\u00f6l a Falka t\u00f6rt\u00e9nelmi eur\u00f3pai harcm\u0171v\u00e9sz csapat!<\/p>\n<p>Egyes\u00fclet\u00fcnk 2013-ban j\u00f6tt l\u00e9tre azzal a c\u00e9llal, hogy a Kom\u00e1rom k\u00f6rny\u00e9k\u00e9n \u00e9l\u0151, eur\u00f3pai harcm\u0171v\u00e9szetek ir\u00e1nt \u00e9rdekl\u0151 egy\u00e9neknek lehet\u0151s\u00e9get adjon a rendszeres gyakorl\u00e1sra \u00e9s tanul\u00e1sra.<br \/>\nMi ez a harcm\u0171v\u00e9szet? Nemzetk\u00f6zileg csak HEMA-k\u00e9nt ismert (Historical European Martial Arts). A huszadik sz\u00e1zad v\u00e9g\u00e9n \u00fajra elkezdt\u00e9k kutatni eur\u00f3pai m\u00faltunk harcmodor\u00e1t k\u00f6z\u00e9pkori \u00e9s kora\u00fajkori k\u00e9ziratok alapj\u00e1n. M\u00e1ra ez a mozgalom t\u00f6bb sz\u00e1zezres mozgalomm\u00e1 n\u0151tte ki mag\u00e1t vil\u00e1gszerte. A legelterjedtebb fegyvernem a hossz\u00fakard, ami a mi csapatunk els\u0151dlegesen kutatott \u00e9s haszn\u00e1lt fegyvere is. Mellette foglalkozunk m\u00e9g birk\u00f3z\u00e1ssal, t\u0151rrel, bottal, k\u00e9tkezes karddal, de bar\u00e1ti egyes\u00fcleteknek k\u00f6sz\u00f6nhet\u0151en b\u00e1rmilyen fegyverrel kapcsolatban tudunk seg\u00edteni, legyen az ak\u00e1r szablya, rapier, vagy ak\u00e1r alab\u00e1rd.<br \/>\nCsapatunk tagja a FEBUS-nak (Federacia Europskych Bojove Umenie Slovensko), mely egy\u00fcttm\u0171k\u00f6dik az IFHEMA-val (International Federation for Historical European Martial Arts).<\/p>\n","protected":false},"excerpt":{"rendered":"<p>\u00dcdv\u00f6z\u00f6l a Falka t\u00f6rt\u00e9nelmi eur\u00f3pai harcm\u0171v\u00e9sz csapat! Egyes\u00fclet\u00fcnk 2013-ban j\u00f6tt l\u00e9tre azzal a c\u00e9llal, hogy a Kom\u00e1rom k\u00f6rny\u00e9k\u00e9n \u00e9l\u0151, eur\u00f3pai harcm\u0171v\u00e9szetek ir\u00e1nt \u00e9rdekl\u0151 egy\u00e9neknek lehet\u0151s\u00e9get adjon a rendszeres gyakorl\u00e1sra \u00e9s tanul\u00e1sra. Mi ez a harcm\u0171v\u00e9szet? Nemzetk\u00f6zileg csak HEMA-k\u00e9nt ismert (Historical European Martial Arts). A huszadik sz\u00e1zad v\u00e9g\u00e9n \u00fajra elkezdt\u00e9k kutatni eur\u00f3pai m\u00faltunk harcmodor\u00e1t k\u00f6z\u00e9pkori \u00e9s&hellip; <br \/> <a class=\"read-more\" href=\"https:\/\/falka.sk\/en\/ez-egy-minta-oldal\/\">Read more<\/a><\/p>\n","protected":false},"author":1,"featured_media":52,"parent":0,"menu_order":0,"comment_status":"closed","ping_status":"open","template":"","meta":[],"_links":{"self":[{"href":"https:\/\/falka.sk\/en\/wp-json\/wp\/v2\/pages\/2"}],"collection":[{"href":"https:\/\/falka.sk\/en\/wp-json\/wp\/v2\/pages"}],"about":[{"href":"https:\/\/falka.sk\/en\/wp-json\/wp\/v2\/types\/page"}],"author":[{"embeddable":true,"href":"https:\/\/falka.sk\/en\/wp-json\/wp\/v2\/users\/1"}],"replies":[{"embeddable":true,"href":"https:\/\/falka.sk\/en\/wp-json\/wp\/v2\/comments?post=2"}],"version-history":[{"count":4,"href":"https:\/\/falka.sk\/en\/wp-json\/wp\/v2\/pages\/2\/revisions"}],"predecessor-version":[{"id":105,"href":"https:\/\/falka.sk\/en\/wp-json\/wp\/v2\/pages\/2\/revisions\/105"}],"wp:featuredmedia":[{"embeddable":true,"href":"https:\/\/falka.sk\/en\/wp-json\/wp\/v2\/media\/52"}],"wp:attachment":[{"href":"https:\/\/falka.sk\/en\/wp-json\/wp\/v2\/media?parent=2"}],"curies":[{"name":"wp","href":"https:\/\/api.w.org\/{rel}","templated":true}]}}